{"id":25,"date":"2015-01-17T18:33:00","date_gmt":"2015-01-17T17:33:00","guid":{"rendered":"http:\/\/ff-unterduerrbach.de\/?page_id=25"},"modified":"2025-08-24T16:19:26","modified_gmt":"2025-08-24T15:19:26","slug":"kontakt","status":"publish","type":"page","link":"http:\/\/ff-unterduerrbach.de\/?page_id=25","title":{"rendered":"Kontakt"},"content":{"rendered":"<div id=\"pl-25\"  class=\"panel-layout\" ><div id=\"pg-25-0\"  class=\"panel-grid panel-no-style\" ><div id=\"pgc-25-0-0\"  class=\"panel-grid-cell\" ><div id=\"panel-25-0-0-0\" class=\"so-panel widget widget_text panel-first-child\" data-index=\"0\" ><div class=\"panel-widget-style panel-widget-style-for-25-0-0-0\" ><h3 class=\"widget-title\">Kontakt zur Freiwilligen Feuerwehr Unterd\u00fcrrbach<\/h3>\t\t\t<div class=\"textwidget\"><\/div>\n\t\t<\/div><\/div><div id=\"panel-25-0-0-1\" class=\"so-panel widget widget_text panel-last-child\" data-index=\"1\" ><div class=\"panel-widget-style panel-widget-style-for-25-0-0-1\" >\t\t\t<div class=\"textwidget\">Feuerwehrhaus Unterd\u00fcrrbach<\/div>\n\t\t<\/div><\/div><\/div><\/div><div id=\"pg-25-1\"  class=\"panel-grid panel-no-style\" ><div id=\"pgc-25-1-0\"  class=\"panel-grid-cell\" ><div id=\"panel-25-1-0-0\" class=\"so-panel widget widget_text panel-first-child panel-last-child\" data-index=\"2\" >\t\t\t<div class=\"textwidget\"><p>Unterd\u00fcrrbacher Stra\u00dfe 278<br \/>\n97080 W\u00fcrzburg<\/p>\n<p>Telefon: 0931\/97374<br \/>\nFax: 0931\/9701396<br \/>\nMail: <a href=\"mailto:info@ff-unterduerrbach.de\">info@ff-unterduerrbach.de<\/a><\/p>\n<\/div>\n\t\t<\/div><\/div><\/div><div id=\"pg-25-2\"  class=\"panel-grid panel-no-style\" ><div id=\"pgc-25-2-0\"  class=\"panel-grid-cell\" ><div id=\"panel-25-2-0-0\" class=\"so-panel widget widget_text panel-first-child panel-last-child\" data-index=\"3\" ><div class=\"panel-widget-style panel-widget-style-for-25-2-0-0\" >\t\t\t<div class=\"textwidget\">\u00d6ffentliche Einrichtung<\/div>\n\t\t<\/div><\/div><\/div><\/div><div id=\"pg-25-3\"  class=\"panel-grid panel-no-style\" ><div id=\"pgc-25-3-0\"  class=\"panel-grid-cell\" ><div id=\"panel-25-3-0-0\" class=\"so-panel widget widget_text panel-first-child panel-last-child\" data-index=\"4\" >\t\t\t<div class=\"textwidget\"><p><b>1. Kommandant<\/b><br \/>\nSebastian Weigl<br \/>\nMail: <a href=\"mailto:sebastian.weigl@ff-unterduerrbach.de\">sebastian.weigl@ff-unterduerrbach.de<\/a><\/p>\n<\/div>\n\t\t<\/div><\/div><div id=\"pgc-25-3-1\"  class=\"panel-grid-cell panel-grid-cell-mobile-last\" ><div id=\"panel-25-3-1-0\" class=\"so-panel widget widget_text panel-first-child panel-last-child\" data-index=\"5\" >\t\t\t<div class=\"textwidget\"><p><b>2. Kommandant<\/b><br \/>\nStefan Kauf<br \/>\nMail: <a href=\"mailto:stefan.kauf@ff-unterduerrbach.de\">stefan.kauf@ff-unterduerrbach.de<\/a><\/p>\n<\/div>\n\t\t<\/div><\/div><div id=\"pgc-25-3-2\"  class=\"panel-grid-cell panel-grid-cell-empty\" ><\/div><\/div><div id=\"pg-25-4\"  class=\"panel-grid panel-no-style\" ><div id=\"pgc-25-4-0\"  class=\"panel-grid-cell\" ><div id=\"panel-25-4-0-0\" class=\"so-panel widget widget_text panel-first-child panel-last-child\" data-index=\"6\" ><div class=\"panel-widget-style panel-widget-style-for-25-4-0-0\" >\t\t\t<div class=\"textwidget\">Feuerwehrverein<\/div>\n\t\t<\/div><\/div><\/div><\/div><div id=\"pg-25-5\"  class=\"panel-grid panel-no-style\" ><div id=\"pgc-25-5-0\"  class=\"panel-grid-cell\" ><div id=\"panel-25-5-0-0\" class=\"so-panel widget widget_text panel-first-child panel-last-child\" data-index=\"7\" >\t\t\t<div class=\"textwidget\"><p><b>Vorsitzender<\/b><br \/>\nDr. Dominik Schmitt<br \/>\nMail: <a href=\"mailto:dominik.schmitt@ff-unterduerrbach.de\">dominik.schmitt@ff-unterduerrbach.de<\/a><\/p>\n<\/div>\n\t\t<\/div><\/div><div id=\"pgc-25-5-1\"  class=\"panel-grid-cell\" ><div id=\"panel-25-5-1-0\" class=\"so-panel widget widget_text panel-first-child panel-last-child\" data-index=\"8\" >\t\t\t<div class=\"textwidget\"><p><b>Stellvertretende Vorsitzende<\/b><br \/>\nClaudia Adam<br \/>\nMail: <a href=\"mailto:claudia.adam@ff-unterduerrbach.de\">claudia.adam@ff-unterduerrbach.de<\/a><\/p>\n<\/div>\n\t\t<\/div><\/div><div id=\"pgc-25-5-2\"  class=\"panel-grid-cell\" ><div id=\"panel-25-5-2-0\" class=\"so-panel widget widget_text panel-first-child panel-last-child\" data-index=\"9\" >\t\t\t<div class=\"textwidget\"><p><b>Stellvertretender Vorsitzender<\/b><br \/>\nDustin Deener<br \/>\nMail: <a href=\"mailto:dustin.deener@ff-unterduerrbach.de\">dustin.deener@ff-unterduerrbach.de<\/a><\/p>\n<\/div>\n\t\t<\/div><\/div><\/div><div id=\"pg-25-6\"  class=\"panel-grid panel-no-style\" ><div id=\"pgc-25-6-0\"  class=\"panel-grid-cell\" ><div id=\"panel-25-6-0-0\" class=\"so-panel widget widget_text panel-first-child panel-last-child\" data-index=\"10\" >\t\t\t<div class=\"textwidget\"><\/div>\n\t\t<\/div><\/div><\/div><\/div>","protected":false},"excerpt":{"rendered":"<p>Feuerwehrhaus Unterd\u00fcrrbach Unterd\u00fcrrbacher Stra\u00dfe 278 97080 W\u00fcrzburg Telefon: 0931\/97374 Fax: 0931\/9701396 Mail: info@ff-unterduerrbach.de<\/p>\n","protected":false},"author":1,"featured_media":0,"parent":0,"menu_order":6,"comment_status":"open","ping_status":"open","template":"home-panels.php","meta":{"footnotes":""},"class_list":["post-25","page","type-page","status-publish","hentry","post"],"_links":{"self":[{"href":"http:\/\/ff-unterduerrbach.de\/index.php?rest_route=\/wp\/v2\/pages\/25","targetHints":{"allow":["GET"]}}],"collection":[{"href":"http:\/\/ff-unterduerrbach.de\/index.php?rest_route=\/wp\/v2\/pages"}],"about":[{"href":"http:\/\/ff-unterduerrbach.de\/index.php?rest_route=\/wp\/v2\/types\/page"}],"author":[{"embeddable":true,"href":"http:\/\/ff-unterduerrbach.de\/index.php?rest_route=\/wp\/v2\/users\/1"}],"replies":[{"embeddable":true,"href":"http:\/\/ff-unterduerrbach.de\/index.php?rest_route=%2Fwp%2Fv2%2Fcomments&post=25"}],"version-history":[{"count":19,"href":"http:\/\/ff-unterduerrbach.de\/index.php?rest_route=\/wp\/v2\/pages\/25\/revisions"}],"predecessor-version":[{"id":572,"href":"http:\/\/ff-unterduerrbach.de\/index.php?rest_route=\/wp\/v2\/pages\/25\/revisions\/572"}],"wp:attachment":[{"href":"http:\/\/ff-unterduerrbach.de\/index.php?rest_route=%2Fwp%2Fv2%2Fmedia&parent=25"}],"curies":[{"name":"wp","href":"https:\/\/api.w.org\/{rel}","templated":true}]}}